{"id":21,"date":"2023-03-19T19:33:15","date_gmt":"2023-03-19T19:33:15","guid":{"rendered":"https:\/\/akasyl-badiburg.de\/?page_id=21"},"modified":"2023-09-16T19:15:51","modified_gmt":"2023-09-16T19:15:51","slug":"home","status":"publish","type":"page","link":"https:\/\/akasyl-badiburg.de\/","title":{"rendered":"Home"},"content":{"rendered":"<h1 style=\"text-align: center;\"><strong>Willkommen beim \u00d6kumenischen Arbeitskreis Asyl Bad Iburg<\/strong><\/h1>\n<p><img loading=\"lazy\" decoding=\"async\" class=\"wp-image-53 aligncenter\" src=\"https:\/\/akasyl-badiburg.de\/wp-content\/uploads\/2023\/03\/schlaf_inPixio-252x300.jpg\" alt=\"\" width=\"333\" height=\"396\" srcset=\"https:\/\/akasyl-badiburg.de\/wp-content\/uploads\/2023\/03\/schlaf_inPixio-252x300.jpg 252w, https:\/\/akasyl-badiburg.de\/wp-content\/uploads\/2023\/03\/schlaf_inPixio.jpg 531w\" sizes=\"auto, (max-width: 333px) 100vw, 333px\" \/><\/p>\n<p style=\"text-align: left;\"><span style=\"font-size: 14pt;\"><strong>Als wir dachten, wir w\u00fcrden nicht mehr so sehr gebraucht, wandelte sich die Welt und Situationen von Krieg, Armut, Vertreibung und Bedrohung zwangen und zwingen Millionen Menschen auf dieser Welt zur Flucht. <\/strong><\/span><\/p>\n<p style=\"text-align: left;\"><strong><span style=\"font-size: 14pt;\">Einige von Ihnen gelangen auf diesem Weg auch in unsere Stadt. Um sie zu unterst\u00fctzen, hat sich eine Gruppe von Ehrenamtlichen im \u00d6kumenischen Arbeitskreis Asyl Bad Iburg zusammengefunden. Erfahren Sie auf diesen Seiten, wie auch Sie helfen k\u00f6nnen. <\/span><br \/>\n<\/strong><\/p>\n<p style=\"text-align: left;\">\n","protected":false},"excerpt":{"rendered":"<p>Willkommen beim \u00d6kumenischen Arbeitskreis Asyl Bad Iburg Als wir dachten, wir w\u00fcrden nicht mehr so sehr gebraucht, wandelte sich die Welt und Situationen von Krieg, Armut, Vertreibung und Bedrohung zwangen und zwingen Millionen Menschen auf dieser Welt zur Flucht. Einige von Ihnen gelangen auf diesem Weg auch in unsere Stadt. Um sie zu unterst\u00fctzen, hat<\/p>\n<p class=\"more-link\"><a href=\"https:\/\/akasyl-badiburg.de\/\" class=\"themebutton2\">Read More<\/a><\/p>\n","protected":false},"author":2,"featured_media":0,"parent":0,"menu_order":0,"comment_status":"closed","ping_status":"closed","template":"","meta":{"_mc_calendar":[],"footnotes":""},"categories":[],"tags":[],"class_list":["post-21","page","type-page","status-publish","hentry"],"_links":{"self":[{"href":"https:\/\/akasyl-badiburg.de\/index.php?rest_route=\/wp\/v2\/pages\/21","targetHints":{"allow":["GET"]}}],"collection":[{"href":"https:\/\/akasyl-badiburg.de\/index.php?rest_route=\/wp\/v2\/pages"}],"about":[{"href":"https:\/\/akasyl-badiburg.de\/index.php?rest_route=\/wp\/v2\/types\/page"}],"author":[{"embeddable":true,"href":"https:\/\/akasyl-badiburg.de\/index.php?rest_route=\/wp\/v2\/users\/2"}],"replies":[{"embeddable":true,"href":"https:\/\/akasyl-badiburg.de\/index.php?rest_route=%2Fwp%2Fv2%2Fcomments&post=21"}],"version-history":[{"count":6,"href":"https:\/\/akasyl-badiburg.de\/index.php?rest_route=\/wp\/v2\/pages\/21\/revisions"}],"predecessor-version":[{"id":124,"href":"https:\/\/akasyl-badiburg.de\/index.php?rest_route=\/wp\/v2\/pages\/21\/revisions\/124"}],"wp:attachment":[{"href":"https:\/\/akasyl-badiburg.de\/index.php?rest_route=%2Fwp%2Fv2%2Fmedia&parent=21"}],"wp:term":[{"taxonomy":"category","embeddable":true,"href":"https:\/\/akasyl-badiburg.de\/index.php?rest_route=%2Fwp%2Fv2%2Fcategories&post=21"},{"taxonomy":"post_tag","embeddable":true,"href":"https:\/\/akasyl-badiburg.de\/index.php?rest_route=%2Fwp%2Fv2%2Ftags&post=21"}],"curies":[{"name":"wp","href":"https:\/\/api.w.org\/{rel}","templated":true}]}}